{"id":249011,"date":"2022-07-21T16:17:57","date_gmt":"2022-07-21T15:17:57","guid":{"rendered":"https:\/\/c-meet.es\/2022\/?page_id=249011"},"modified":"2022-09-27T11:04:34","modified_gmt":"2022-09-27T10:04:34","slug":"sobre-c-meet","status":"publish","type":"page","link":"https:\/\/c-meet.es\/2022\/sobre-c-meet\/","title":{"rendered":"Sobre C-Meet"},"content":{"rendered":"<p>[et_pb_section fb_built=\u00bb1&#8243; admin_label=\u00bbVideo Home\u00bb _builder_version=\u00bb4.17.6&#8243; _module_preset=\u00bbdefault\u00bb background_video_mp4=\u00bbhttps:\/\/c-meet.es\/2022\/wp-content\/uploads\/2022\/07\/sobre-c-meet-video.mp4&#8243; background_video_webm=\u00bbhttps:\/\/c-meet.es\/2022\/wp-content\/uploads\/2022\/07\/sobre-c-meet-video.webm\u00bb allow_player_pause=\u00bbon\u00bb width=\u00bb1440px\u00bb width_tablet=\u00bb1440px\u00bb width_phone=\u00bbauto\u00bb width_last_edited=\u00bbon|phone\u00bb max_width=\u00bb1440px\u00bb max_width_tablet=\u00bb1440px\u00bb max_width_phone=\u00bb\u00bb max_width_last_edited=\u00bbon|phone\u00bb min_height=\u00bb900px\u00bb min_height_tablet=\u00bb900px\u00bb min_height_phone=\u00bb300px\u00bb min_height_last_edited=\u00bbon|phone\u00bb max_height=\u00bb900px\u00bb max_height_tablet=\u00bb900px\u00bb max_height_phone=\u00bb300px\u00bb max_height_last_edited=\u00bbon|phone\u00bb custom_margin=\u00bb|auto||auto|false|false\u00bb global_colors_info=\u00bb{}\u00bb][et_pb_row _builder_version=\u00bb4.17.4&#8243; _module_preset=\u00bbdefault\u00bb global_colors_info=\u00bb{}\u00bb][et_pb_column type=\u00bb4_4&#8243; _builder_version=\u00bb4.17.4&#8243; _module_preset=\u00bbdefault\u00bb global_colors_info=\u00bb{}\u00bb][et_pb_code _builder_version=\u00bb4.17.4&#8243; _module_preset=\u00bbdefault\u00bb global_colors_info=\u00bb{}\u00bb]<\/p>\n<div><!-- [et_pb_line_break_holder] -->  <!-- [et_pb_line_break_holder] --><\/div>\n<p>[\/et_pb_code][\/et_pb_column][\/et_pb_row][\/et_pb_section][et_pb_section fb_built=\u00bb1&#8243; disabled_on=\u00bboff|on|on\u00bb admin_label=\u00bbMobile\u00bb _builder_version=\u00bb4.17.6&#8243; _module_preset=\u00bbdefault\u00bb background_color=\u00bb#ffffff\u00bb background_image=\u00bbhttps:\/\/c-meet.es\/2022\/wp-content\/uploads\/2022\/07\/23Fondos.png\u00bb background_size=\u00bbcustom\u00bb background_image_width=\u00bb100%\u00bb background_position=\u00bbtop_center\u00bb background_vertical_offset=\u00bb10%\u00bb custom_margin=\u00bb0px|auto|0px|auto|false|false\u00bb custom_padding=\u00bb0px|0px|0px|0px|false|false\u00bb global_colors_info=\u00bb{}\u00bb][et_pb_row admin_label=\u00bbSobre C-Meet\u00bb _builder_version=\u00bb4.17.6&#8243; _module_preset=\u00bbdefault\u00bb global_colors_info=\u00bb{}\u00bb][et_pb_column type=\u00bb4_4&#8243; _builder_version=\u00bb4.17.6&#8243; _module_preset=\u00bbdefault\u00bb global_colors_info=\u00bb{}\u00bb][et_pb_text module_class=\u00bbwhite-title\u00bb _builder_version=\u00bb4.17.6&#8243; _module_preset=\u00bbdefault\u00bb text_font=\u00bb|700|||||||\u00bb text_text_color=\u00bb#00dbc6&#8243; text_font_size=\u00bb16px\u00bb text_orientation=\u00bbcenter\u00bb custom_margin=\u00bb-1px||13px||false|false\u00bb custom_padding=\u00bb0px||0px||false|false\u00bb global_colors_info=\u00bb{}\u00bb]<\/p>\n<p><span style=\"color: #ffffff;\">Sobre C-Meet<\/span><\/p>\n<p>[\/et_pb_text][et_pb_text module_class=\u00bbwhite-title\u00bb _builder_version=\u00bb4.18.0&#8243; _module_preset=\u00bbdefault\u00bb text_text_color=\u00bb#FFFFFF\u00bb text_font_size=\u00bb10px\u00bb text_line_height=\u00bb1.5em\u00bb custom_margin=\u00bb20px||16px||false|false\u00bb hover_enabled=\u00bb0&#8243; global_colors_info=\u00bb{}\u00bb sticky_enabled=\u00bb0&#8243;]<\/p>\n<p>C-Meet es el encuentro empresarial para la digitalizaci\u00f3n y la innovaci\u00f3n. Un espacio en el que conocer soluciones tecnol\u00f3gicas reales, experiencias inspiradoras y casos de \u00e9xito dirigidos a incrementar la competitividad del tejido empresarial.<\/p>\n<p>CEOE-CEPYME Cantabria, en colaboraci\u00f3n la oficina Acelera Pyme y el programa Cantabria Empresarial, son los impulsores de este evento con identidad propia. La filosof\u00eda que inspira el encuentro, sus caracter\u00edsticas, sus tem\u00e1ticas y el propio concepto a desarrollar convierten al C-Meet en una cita imprescindible para todo el tejido empresarial de la regi\u00f3n.<\/p>\n<p>La innovaci\u00f3n y la transformaci\u00f3n digital ser\u00e1n los dos pilares de este evento que se desarrollar\u00e1 los d\u00edas 28 y 29 de septiembre en Escenario Santander. Conscientes de la importancia que tiene generar nuevos contactos que permitan explorar nuevas v\u00edas de negocio, C-Meet nace con el firme prop\u00f3sito de convertirse en una potente plataforma de networking, en la que sea posible mantener reuniones one to one, B2B y B2C.<\/p>\n<p>Inteligencia Artificial, Rob\u00f3tica, Realidad Virtual, Cloud, Industria 4.0, E-Commerce o Gemelos Digitales tendr\u00e1n cabida en un evento decidido a reducir la brecha entre tecnolog\u00eda y empresa.<\/p>\n<p>Ahora es el momento de hacer que las cosas cuenten y C-Meet quiere convertirse en el veh\u00edculo de las empresas para acercarse a conocimientos, habilidades y soluciones que resultan cruciales para dar forma al futuro.<\/p>\n<p>[\/et_pb_text][et_pb_image src=\u00bbhttps:\/\/c-meet.es\/2022\/wp-content\/uploads\/2022\/07\/Vector-11.png\u00bb title_text=\u00bbVector 11&#8243; _builder_version=\u00bb4.17.6&#8243; _module_preset=\u00bbdefault\u00bb global_colors_info=\u00bb{}\u00bb][\/et_pb_image][et_pb_text admin_label=\u00bbTexto\u00bb module_class=\u00bbwhite-title\u00bb _builder_version=\u00bb4.18.0&#8243; _module_preset=\u00bbdefault\u00bb text_text_color=\u00bb#FFFFFF\u00bb text_font_size=\u00bb10px\u00bb text_line_height=\u00bb1.5em\u00bb custom_margin=\u00bb20px||16px||false|false\u00bb hover_enabled=\u00bb0&#8243; global_colors_info=\u00bb{}\u00bb sticky_enabled=\u00bb0&#8243;]<\/p>\n<p><strong><span style=\"color: #ffffff; font-size: 14px;\">A quien se dirige<\/span><\/strong><\/p>\n<p>C-Meet es un evento en el que prevalece la estrategia sobre el tama\u00f1o. Poco importa si eres un trabajador aut\u00f3nomo, una micropyme o una gran empresa. Lo realmente importante es que tengan ADN innovador y digitalizador.<\/p>\n<p>Organizaciones proactivas e inquietas, dispuestas a participar en la configuraci\u00f3n de un nuevo modelo econ\u00f3mico en el que la aplicaci\u00f3n de soluciones tecnol\u00f3gicas ser\u00e1 un factor diferencial.<\/p>\n<p>Agrupaciones sectoriales y empresariales, centros de investigaci\u00f3n e I+D+i y representantes institucionales tambi\u00e9n tienen cabida en un evento en el que confluir\u00e1n las empresas que est\u00e1n dise\u00f1ando las herramientas del futuro y los profesionales que est\u00e1n desarroll\u00e1ndolas.<\/p>\n<p>[\/et_pb_text][et_pb_image src=\u00bbhttps:\/\/c-meet.es\/2022\/wp-content\/uploads\/2022\/09\/configuracion-espacial.jpg\u00bb title_text=\u00bbconfiguracion espacial\u00bb force_fullwidth=\u00bbon\u00bb _builder_version=\u00bb4.18.0&#8243; _module_preset=\u00bbdefault\u00bb global_colors_info=\u00bb{}\u00bb][\/et_pb_image][\/et_pb_column][\/et_pb_row][et_pb_row admin_label=\u00bb7 Razones\u00bb _builder_version=\u00bb4.17.6&#8243; _module_preset=\u00bbdefault\u00bb width=\u00bb100%\u00bb max_width=\u00bb100%\u00bb global_colors_info=\u00bb{}\u00bb custom_padding=\u00bb9px|||||\u00bb][et_pb_column type=\u00bb4_4&#8243; _builder_version=\u00bb4.17.6&#8243; _module_preset=\u00bbdefault\u00bb global_colors_info=\u00bb{}\u00bb][et_pb_text module_class=\u00bbwhite-title\u00bb _builder_version=\u00bb4.17.6&#8243; _module_preset=\u00bbdefault\u00bb custom_margin=\u00bb8px||20px||false|false\u00bb custom_padding=\u00bb|4%|||false|false\u00bb global_colors_info=\u00bb{}\u00bb]<\/p>\n<h2 style=\"text-align: right;\">7 razones para<br \/>ir al C-Meet<\/h2>\n<p>[\/et_pb_text][et_pb_image src=\u00bbhttps:\/\/c-meet.es\/2022\/wp-content\/uploads\/2022\/07\/7-Razones-mobile.png\u00bb title_text=\u00bb7 Razones mobile\u00bb _builder_version=\u00bb4.17.6&#8243; _module_preset=\u00bbdefault\u00bb width=\u00bb80%\u00bb custom_margin=\u00bb74px|auto||auto|false|false\u00bb global_colors_info=\u00bb{}\u00bb][\/et_pb_image][\/et_pb_column][\/et_pb_row][et_pb_row admin_label=\u00bbHorario\u00bb _builder_version=\u00bb4.17.6&#8243; _module_preset=\u00bbdefault\u00bb width=\u00bb100%\u00bb custom_margin=\u00bb-21px|auto||auto|false|false\u00bb custom_padding=\u00bb13px|||||\u00bb global_colors_info=\u00bb{}\u00bb][et_pb_column type=\u00bb4_4&#8243; _builder_version=\u00bb4.17.4&#8243; _module_preset=\u00bbdefault\u00bb global_colors_info=\u00bb{}\u00bb][et_pb_text module_class=\u00bbwhite-title\u00bb _builder_version=\u00bb4.17.6&#8243; _module_preset=\u00bbdefault\u00bb text_orientation=\u00bbcenter\u00bb custom_margin=\u00bb232px|||||\u00bb global_colors_info=\u00bb{}\u00bb]<\/p>\n<p style=\"font-size: 24px; color: white; font-weight: bold;\">Cu\u00e1ndo, d\u00f3nde, a qu\u00e9 hora&#8230;<\/p>\n<p>[\/et_pb_text][et_pb_text _builder_version=\u00bb4.17.6&#8243; _module_preset=\u00bbdefault\u00bb text_text_color=\u00bb#FFFFFF\u00bb text_font_size=\u00bb16px\u00bb text_line_height=\u00bb1.1em\u00bb custom_margin=\u00bb-4px|||||\u00bb global_colors_info=\u00bb{}\u00bb]<\/p>\n<p style=\"text-align: center;\"><strong><\/strong><\/p>\n<p style=\"text-align: center; font-size: 14px;\">28 Y 29 DE SEPTIEMBRE<br \/>EN ESCENARIO SANTANDER<\/p>\n<p style=\"text-align: center;\"><strong><\/strong><\/p>\n<p style=\"text-align: center; font-size: 14px;\"><strong>Acreditaciones y accesos<\/strong><br \/>Mi\u00e9rcoles 28 de septiembre 9:30 \u2013 10:30<\/p>\n<p style=\"text-align: center; font-size: 14px;\"><strong>Inauguraci\u00f3n oficial C-Meet<\/strong><br \/>Mi\u00e9rcoles 28 de septiembre 10:30 \u2013 11:15<\/p>\n<p style=\"text-align: center; font-size: 14px;\"><strong>Ponencias, demostraciones, Meet\u2019s in y mesas redondas<\/strong><br \/>Mi\u00e9rcoles 28 de septiembre 11:15 \u2013 18:30 <span style=\"color: #00dbc6;\">\/<\/span> Jueves 29 septiembre 10:00 \u2013 18:30<\/p>\n<p style=\"text-align: center; font-size: 14px;\"><strong>Lunch<\/strong><br \/>Mi\u00e9rcoles, 28 de septiembre 14:30 \u2013 15:30 <span style=\"color: #00dbc6;\">\/<\/span> Jueves, 29 septiembre 14:15 \u2013 16:00<\/p>\n<p style=\"text-align: center; font-size: 14px;\"><strong>Afterwork<\/strong><br \/>Mi\u00e9rcoles, 28 de septiembre 18:30 <span style=\"color: #00dbc6;\">\/<\/span> Jueves, 29 septiembre 18:30<\/p>\n<p>[\/et_pb_text][\/et_pb_column][\/et_pb_row][et_pb_row _builder_version=\u00bb4.17.6&#8243; _module_preset=\u00bbdefault\u00bb global_colors_info=\u00bb{}\u00bb][et_pb_column type=\u00bb4_4&#8243; _builder_version=\u00bb4.17.6&#8243; _module_preset=\u00bbdefault\u00bb global_colors_info=\u00bb{}\u00bb][et_pb_image src=\u00bbhttps:\/\/c-meet.es\/2022\/wp-content\/uploads\/2022\/07\/tematicas-contenido-mobile.png\u00bb title_text=\u00bbtematicas-contenido-mobile\u00bb _builder_version=\u00bb4.17.6&#8243; _module_preset=\u00bbdefault\u00bb custom_padding=\u00bb241px|||||\u00bb global_colors_info=\u00bb{}\u00bb][\/et_pb_image][\/et_pb_column][\/et_pb_row][\/et_pb_section][et_pb_section fb_built=\u00bb1&#8243; disabled_on=\u00bboff|on|on\u00bb admin_label=\u00bbCMEET en numeros mobile\u00bb _builder_version=\u00bb4.17.6&#8243; _module_preset=\u00bbdefault\u00bb background_image=\u00bbhttps:\/\/c-meet.es\/2022\/wp-content\/uploads\/2022\/07\/22Fondos.png\u00bb background_size=\u00bbcustom\u00bb background_image_width=\u00bb100%\u00bb background_position=\u00bbtop_center\u00bb background_vertical_offset=\u00bb97%\u00bb custom_margin=\u00bb0px|0px|0px|0px|false|false\u00bb custom_padding=\u00bb0px|0px|0px|0px|false|false\u00bb global_colors_info=\u00bb{}\u00bb][et_pb_row _builder_version=\u00bb4.17.6&#8243; _module_preset=\u00bbdefault\u00bb width=\u00bb100%\u00bb custom_margin=\u00bb0px|0px|0px|0px|false|false\u00bb custom_padding=\u00bb0px|0px|0px|0px|false|false\u00bb global_colors_info=\u00bb{}\u00bb][et_pb_column type=\u00bb4_4&#8243; _builder_version=\u00bb4.17.6&#8243; _module_preset=\u00bbdefault\u00bb global_colors_info=\u00bb{}\u00bb][et_pb_image src=\u00bbhttps:\/\/c-meet.es\/2022\/wp-content\/uploads\/2022\/07\/CMeet-en-numeros-mobile.png\u00bb title_text=\u00bbCMeet en numeros-mobile\u00bb _builder_version=\u00bb4.17.6&#8243; _module_preset=\u00bbdefault\u00bb custom_margin=\u00bb||226px|||\u00bb global_colors_info=\u00bb{}\u00bb][\/et_pb_image][\/et_pb_column][\/et_pb_row][\/et_pb_section][et_pb_section fb_built=\u00bb1&#8243; disabled_on=\u00bboff|on|on\u00bb admin_label=\u00bbFAQS Mobile\u00bb _builder_version=\u00bb4.17.6&#8243; _module_preset=\u00bbdefault\u00bb background_image=\u00bbhttps:\/\/c-meet.es\/2022\/wp-content\/uploads\/2022\/07\/Foto-preguntas-mobile.png\u00bb background_size=\u00bbcustom\u00bb background_image_width=\u00bb80%\u00bb background_position=\u00bbtop_right\u00bb background_vertical_offset=\u00bb15%\u00bb custom_padding=\u00bb|2%||2%|false|false\u00bb global_colors_info=\u00bb{}\u00bb][et_pb_row _builder_version=\u00bb4.17.4&#8243; _module_preset=\u00bbdefault\u00bb width=\u00bb100%\u00bb custom_margin=\u00bb21px|auto||auto|false|false\u00bb custom_padding=\u00bb30px|||||\u00bb global_colors_info=\u00bb{}\u00bb][et_pb_column type=\u00bb4_4&#8243; _builder_version=\u00bb4.17.4&#8243; _module_preset=\u00bbdefault\u00bb global_colors_info=\u00bb{}\u00bb][et_pb_text module_class=\u00bbgradient-text\u00bb _builder_version=\u00bb4.17.6&#8243; _module_preset=\u00bbdefault\u00bb width=\u00bb100%\u00bb max_width=\u00bb100%\u00bb custom_margin=\u00bb28px|79px||0px|false|false\u00bb custom_padding=\u00bb||||false|false\u00bb global_colors_info=\u00bb{}\u00bb]<\/p>\n<h2 style=\"font-size:20px\">Si es as\u00ed, aprovecha esta oportunidad y \u00fanete a la comunidad C-Meet<\/h2>\n<p><strong style=\"font-size: 14px;\">Explora las oportunidades de colaborar en un evento disruptivo en Cantabria, que impulsar\u00e1 tu marketing relacional y te permitir\u00e1 conocer a profesionales con los que explorar nuevas oportunidades de negocio.<\/strong>[\/et_pb_text][et_pb_button button_url=\u00bb\/contacto\/\u00bb button_text=\u00bbm\u00e1s informaci\u00f3n\u00bb _builder_version=\u00bb4.17.6&#8243; _module_preset=\u00bbdefault\u00bb custom_button=\u00bbon\u00bb button_text_size=\u00bb14px\u00bb button_text_color=\u00bb#000000&#8243; button_bg_color=\u00bb#FFFFFF\u00bb button_border_width=\u00bb1px\u00bb button_border_color=\u00bb#000000&#8243; button_use_icon=\u00bboff\u00bb global_colors_info=\u00bb{}\u00bb][\/et_pb_button][et_pb_text module_id=\u00bbfaqs\u00bb _builder_version=\u00bb4.18.0&#8243; _module_preset=\u00bbdefault\u00bb custom_margin=\u00bb399px||||false|false\u00bb global_colors_info=\u00bb{}\u00bb]<\/p>\n<h2><strong>Preguntas y respuestas<\/strong><\/h2>\n<p><strong><\/strong><\/p>\n<p><strong>\u00bfC\u00f3mo s\u00e9 que me he registrado correctamente?<\/strong><\/p>\n<p>Una vez finalizado el proceso de registro te has registrado visualizar\u00e1s en la pantalla un mensaje de confirmaci\u00f3n. A continuaci\u00f3n, recibir\u00e1s un email de confirmaci\u00f3n.<\/p>\n<p>Si no recibes este mail, comprueba la carpeta de SPAM ya que en ocasiones puede dirigirse all\u00ed el correo. Te recomendamos que a\u00f1adas nuestra direcci\u00f3n de correo como contacto para recibir correctamente futuras comunicaciones o emails importantes.<\/p>\n<p>&nbsp;<\/p>\n<p><strong>La p\u00e1gina de registro no funciona<\/strong><\/p>\n<p>Algunas redes de trabajo podr\u00edan bloquear el acceso a la plataforma. Trata de acceder a la p\u00e1gina de registro de visitantes del C-Meet utilizando un navegador diferente, una pesta\u00f1a de inc\u00f3gnito o desde tu dispositivo m\u00f3vil conectado a tu proveedor de datos m\u00f3viles. Si el problema persiste, puedes notificarnos el error a info@c-meet.es o intentarlo pasados unos minutos.<\/p>\n<p>&nbsp;<\/p>\n<p><strong>\u00bfQui\u00e9n puede asistir al C-Meet?<\/strong><\/p>\n<p>La asistencia a C-Meet es libre y est\u00e1 abierta a cualquier organizaci\u00f3n interesada en los procesos innovadores o de transformaci\u00f3n digital. Para poder asistir, \u00fanicamente es necesario rellenar el siguiente <a href=\"\/registro\/\" class=\"popmake-83\">formulario de inscripci\u00f3n<\/a><\/p>\n<p>&nbsp;<\/p>\n<p><strong>\u00bfPuede ir m\u00e1s de una persona por organizaci\u00f3n?<\/strong><\/p>\n<p>S\u00ed, pueden acudir tantas personas como se considere oportuno.<br \/>Para inscribirse, \u00fanicamente es necesario rellenar el formulario de registro del men\u00fa principal.<\/p>\n<p>&nbsp;<\/p>\n<p><strong>\u00bfEst\u00e1 disponible el listado de expositores?<\/strong><\/p>\n<p>El listado de los expositores participantes en C-Meet estar\u00e1 disponible en la web a partir del 7 de julio de 2022.<\/p>\n<p>&nbsp;<\/p>\n<p><strong>\u00bfQu\u00e9 servicios ofrece el recinto durante la celebraci\u00f3n del C-Meet?<\/strong><\/p>\n<p>Todos los visitantes, expositores y speakers de C-Meet dispondr\u00e1n de food trucks y servicio de cafeter\u00eda.<\/p>\n<p>&nbsp;<\/p>\n<p><strong>\u00bfTengo que ir los dos d\u00edas?<\/strong><\/p>\n<p>No, el evento cuenta con un programa detallado, en el que podr\u00e1s ver los horarios de cada ponente, el formato de su intervenci\u00f3n y la tem\u00e1tica que abordar\u00e1n.<\/p>\n<p>Con esta informaci\u00f3n, los asistentes podr\u00e1n configurar su propia agenda y optimizar su tiempo en el recinto.<\/p>\n<p>&nbsp;<\/p>\n<p><em><strong>Las actuaciones est\u00e1n cofinanciadas con fondos FEDER de la Uni\u00f3n Europea, en el marco del Programa Operativo Plurirregional de Espa\u00f1a FEDER 2014-2020 (POPE) bajo el lema \u201cUna manera de hacer Europa\u201d.<\/strong><\/em><\/p>\n<p>[\/et_pb_text][\/et_pb_column][\/et_pb_row][\/et_pb_section][et_pb_section fb_built=\u00bb1&#8243; disabled_on=\u00bbon|off|off\u00bb admin_label=\u00bbSobre C-Meet DT\u00bb _builder_version=\u00bb4.17.6&#8243; _module_preset=\u00bbdefault\u00bb background_color=\u00bb#007994&#8243; background_enable_image=\u00bboff\u00bb background_size=\u00bbcustom\u00bb background_image_width=\u00bb1440px\u00bb background_position=\u00bbtop_center\u00bb background_enable_video_mp4=\u00bboff\u00bb width=\u00bb1440px\u00bb width_tablet=\u00bb1440px\u00bb width_phone=\u00bbauto\u00bb width_last_edited=\u00bbon|phone\u00bb max_width=\u00bb1440px\u00bb max_width_tablet=\u00bb1440px\u00bb max_width_phone=\u00bb\u00bb max_width_last_edited=\u00bbon|phone\u00bb custom_margin=\u00bb|auto||auto|false|false\u00bb custom_padding=\u00bb|10%||10%|false|false\u00bb global_colors_info=\u00bb{}\u00bb][et_pb_row custom_padding_last_edited=\u00bbon|phone\u00bb _builder_version=\u00bb4.17.6&#8243; _module_preset=\u00bbdefault\u00bb width=\u00bb100%\u00bb max_width=\u00bb1440px\u00bb custom_margin=\u00bb0px|0px|0px|0px|false|false\u00bb custom_padding=\u00bb20px|20px|20px|20px|false|false\u00bb custom_padding_tablet=\u00bb20px|20px|20px|20px|false|false\u00bb custom_padding_phone=\u00bb0px|5px|0px|5px|false|false\u00bb global_colors_info=\u00bb{}\u00bb][et_pb_column type=\u00bb4_4&#8243; _builder_version=\u00bb4.17.4&#8243; _module_preset=\u00bbdefault\u00bb global_colors_info=\u00bb{}\u00bb][et_pb_text module_class=\u00bbwhite-title\u00bb _builder_version=\u00bb4.17.4&#8243; _module_preset=\u00bbdefault\u00bb text_font=\u00bb|700|||||||\u00bb text_text_color=\u00bb#00dbc6&#8243; text_font_size=\u00bb24px\u00bb text_orientation=\u00bbcenter\u00bb custom_margin=\u00bb50px||50px||false|false\u00bb custom_padding=\u00bb0px||0px||false|false\u00bb global_colors_info=\u00bb{}\u00bb]<\/p>\n<h2>Sobre C-Meet<\/h2>\n<p>[\/et_pb_text][et_pb_text module_class=\u00bbwhite-title\u00bb _builder_version=\u00bb4.17.6&#8243; _module_preset=\u00bbdefault\u00bb text_text_color=\u00bb#FFFFFF\u00bb text_font_size=\u00bb16px\u00bb text_line_height=\u00bb1.8em\u00bb custom_margin=\u00bb20px||16px||false|false\u00bb global_colors_info=\u00bb{}\u00bb]<\/p>\n<p>C-Meet es el encuentro empresarial para la digitalizaci\u00f3n y la innovaci\u00f3n. Un espacio en el que conocer soluciones tecnol\u00f3gicas reales, experiencias inspiradoras y casos de \u00e9xito dirigidos a incrementar la competitividad del tejido empresarial.<\/p>\n<p>CEOE-CEPYME Cantabria, en colaboraci\u00f3n la oficina Acelera Pyme y el programa Cantabria Empresarial, son los impulsores de este evento con identidad propia. La filosof\u00eda que inspira el encuentro, sus caracter\u00edsticas, sus tem\u00e1ticas y el propio concepto a desarrollar convierten al C-Meet en una cita imprescindible para todo el tejido empresarial de la regi\u00f3n.<\/p>\n<p>La innovaci\u00f3n y la transformaci\u00f3n digital ser\u00e1n los dos pilares de este evento que se desarrollar\u00e1 los d\u00edas 28 y 29 de septiembre en Escenario Santander. Conscientes de la importancia que tiene generar nuevos contactos que permitan explorar nuevas v\u00edas de negocio, C-Meet nace con el firme prop\u00f3sito de convertirse en una potente plataforma de networking, en la que sea posible mantener reuniones one to one, B2B y B2C.<\/p>\n<p>Inteligencia Artificial, Rob\u00f3tica, Realidad Virtual, Cloud, Industria 4.0, E-Commerce o Gemelos Digitales tendr\u00e1n cabida en un evento decidido a reducir la brecha entre tecnolog\u00eda y empresa.<\/p>\n<p>Ahora es el momento de hacer que las cosas cuenten y C-Meet quiere convertirse en el veh\u00edculo de las empresas para acercarse a conocimientos, habilidades y soluciones que resultan cruciales para dar forma al futuro.<\/p>\n<p>[\/et_pb_text][et_pb_image src=\u00bbhttps:\/\/c-meet.es\/2022\/wp-content\/uploads\/2022\/07\/Vector-11.png\u00bb title_text=\u00bbVector 11&#8243; _builder_version=\u00bb4.17.6&#8243; _module_preset=\u00bbdefault\u00bb global_colors_info=\u00bb{}\u00bb][\/et_pb_image][et_pb_text module_class=\u00bbwhite-title\u00bb _builder_version=\u00bb4.17.6&#8243; _module_preset=\u00bbdefault\u00bb text_text_color=\u00bb#FFFFFF\u00bb text_font_size=\u00bb16px\u00bb text_line_height=\u00bb1.8em\u00bb custom_margin=\u00bb20px||16px||false|false\u00bb global_colors_info=\u00bb{}\u00bb]<strong><span style=\"color: #ffffff;font-size:20px;\">A quien se dirige<\/span><\/strong><\/p>\n<p>C-Meet es un evento en el que prevalece la estrategia sobre el tama\u00f1o. Poco importa si eres un trabajador aut\u00f3nomo, una micropyme o una gran empresa. Lo realmente importante es que tengan ADN innovador y digitalizador.<\/p>\n<p>Organizaciones proactivas e inquietas, dispuestas a participar en la configuraci\u00f3n de un nuevo modelo econ\u00f3mico en el que la aplicaci\u00f3n de soluciones tecnol\u00f3gicas ser\u00e1 un factor diferencial.<\/p>\n<p>Agrupaciones sectoriales y empresariales, centros de investigaci\u00f3n e I+D+i y representantes institucionales tambi\u00e9n tienen cabida en un evento en el que confluir\u00e1n las empresas que est\u00e1n dise\u00f1ando las herramientas del futuro y los profesionales que est\u00e1n desarroll\u00e1ndolas.[\/et_pb_text][\/et_pb_column][\/et_pb_row][et_pb_row _builder_version=\u00bb4.18.0&#8243; _module_preset=\u00bbdefault\u00bb width=\u00bb100%\u00bb max_width=\u00bb100%\u00bb global_colors_info=\u00bb{}\u00bb][et_pb_column type=\u00bb4_4&#8243; _builder_version=\u00bb4.18.0&#8243; _module_preset=\u00bbdefault\u00bb global_colors_info=\u00bb{}\u00bb][et_pb_image src=\u00bbhttps:\/\/c-meet.es\/2022\/wp-content\/uploads\/2022\/09\/configuracion-espacial.jpg\u00bb title_text=\u00bbconfiguracion espacial\u00bb force_fullwidth=\u00bbon\u00bb _builder_version=\u00bb4.18.0&#8243; _module_preset=\u00bbdefault\u00bb global_colors_info=\u00bb{}\u00bb][\/et_pb_image][\/et_pb_column][\/et_pb_row][et_pb_row custom_padding_last_edited=\u00bbon|desktop\u00bb disabled_on=\u00bbon|off|off\u00bb _builder_version=\u00bb4.17.6&#8243; _module_preset=\u00bbdefault\u00bb width=\u00bb100%\u00bb max_width=\u00bb1440px\u00bb custom_margin=\u00bb0px|0px|0px|0px|false|false\u00bb custom_padding=\u00bb20px|20px|20px|20px|false|false\u00bb custom_padding_tablet=\u00bb20px|20px|20px|20px|false|false\u00bb custom_padding_phone=\u00bb||||false|false\u00bb global_colors_info=\u00bb{}\u00bb][et_pb_column type=\u00bb4_4&#8243; _builder_version=\u00bb4.17.4&#8243; _module_preset=\u00bbdefault\u00bb global_colors_info=\u00bb{}\u00bb][et_pb_text module_class=\u00bbwhite-title\u00bb _builder_version=\u00bb4.17.6&#8243; _module_preset=\u00bbdefault\u00bb custom_margin=\u00bb80px||20px||false|false\u00bb global_colors_info=\u00bb{}\u00bb]<\/p>\n<h2 style=\"text-align: right;\">7 razones para ir al C-Meet<\/h2>\n<p>[\/et_pb_text][\/et_pb_column][\/et_pb_row][\/et_pb_section][et_pb_section fb_built=\u00bb1&#8243; disabled_on=\u00bbon|off|off\u00bb admin_label=\u00bb7 Razones DT\u00bb _builder_version=\u00bb4.17.6&#8243; _module_preset=\u00bbdefault\u00bb background_enable_color=\u00bboff\u00bb background_image=\u00bbhttps:\/\/c-meet.es\/2022\/wp-content\/uploads\/2022\/07\/fondo-sobrecmeet-2.png\u00bb background_size=\u00bbcustom\u00bb background_image_width=\u00bb1440px\u00bb background_position=\u00bbtop_center\u00bb background_enable_video_mp4=\u00bboff\u00bb width=\u00bb1440px\u00bb width_tablet=\u00bb1440px\u00bb width_phone=\u00bbauto\u00bb width_last_edited=\u00bbon|phone\u00bb max_width=\u00bb1440px\u00bb max_width_tablet=\u00bb1440px\u00bb max_width_phone=\u00bb\u00bb max_width_last_edited=\u00bbon|phone\u00bb custom_margin=\u00bb|auto||auto|false|false\u00bb custom_padding=\u00bb|10%|180px|10%|false|false\u00bb background_last_edited=\u00bbon|phone\u00bb background_position_phone=\u00bbtop_right\u00bb background_vertical_offset_phone=\u00bb-11%\u00bb global_colors_info=\u00bb{}\u00bb][et_pb_row custom_padding_last_edited=\u00bbon|desktop\u00bb disabled_on=\u00bboff|on|on\u00bb _builder_version=\u00bb4.17.6&#8243; _module_preset=\u00bbdefault\u00bb width=\u00bb100%\u00bb max_width=\u00bb1440px\u00bb custom_margin=\u00bb0px|0px|0px|0px|false|false\u00bb custom_padding=\u00bb20px|20px|20px|20px|false|false\u00bb custom_padding_tablet=\u00bb20px|20px|20px|20px|false|false\u00bb custom_padding_phone=\u00bb||||false|false\u00bb global_colors_info=\u00bb{}\u00bb][et_pb_column type=\u00bb4_4&#8243; _builder_version=\u00bb4.17.4&#8243; _module_preset=\u00bbdefault\u00bb global_colors_info=\u00bb{}\u00bb][et_pb_text disabled_on=\u00bboff|off|off\u00bb module_class=\u00bbwhite-title\u00bb _builder_version=\u00bb4.17.6&#8243; _module_preset=\u00bbdefault\u00bb custom_margin=\u00bb54px||20px||false|false\u00bb global_colors_info=\u00bb{}\u00bb]<\/p>\n<h2 style=\"text-align: right;\">7 razones para<br \/>ir al C-Meet<\/h2>\n<p>[\/et_pb_text][\/et_pb_column][\/et_pb_row][et_pb_row column_structure=\u00bb1_5,3_5,1_5&#8243; _builder_version=\u00bb4.17.4&#8243; _module_preset=\u00bbdefault\u00bb width=\u00bb100%\u00bb custom_margin=\u00bb50px||||false|false\u00bb global_colors_info=\u00bb{}\u00bb][et_pb_column type=\u00bb1_5&#8243; _builder_version=\u00bb4.17.4&#8243; _module_preset=\u00bbdefault\u00bb custom_padding=\u00bb0px|0px|0px|0px|false|false\u00bb custom_css_main_element=\u00bbwidth:5%;||max-width:5%;||top:-40px;\u00bb global_colors_info=\u00bb{}\u00bb][et_pb_text module_class=\u00bbgradient-number\u00bb _builder_version=\u00bb4.17.4&#8243; _module_preset=\u00bbdefault\u00bb global_colors_info=\u00bb{}\u00bb]<\/p>\n<h2>1<\/h2>\n<p>[\/et_pb_text][\/et_pb_column][et_pb_column type=\u00bb3_5&#8243; _builder_version=\u00bb4.17.4&#8243; _module_preset=\u00bbdefault\u00bb global_colors_info=\u00bb{}\u00bb][et_pb_text _builder_version=\u00bb4.17.4&#8243; _module_preset=\u00bbdefault\u00bb text_font_size=\u00bb20px\u00bb global_colors_info=\u00bb{}\u00bb]<\/p>\n<p>Conocer\u00e1s soluciones<br \/>tecnol\u00f3gicas disruptivas<br \/>capaces de incrementar la<br \/>competitividad de tu negocio.<\/p>\n<p>[\/et_pb_text][\/et_pb_column][et_pb_column type=\u00bb1_5&#8243; _builder_version=\u00bb4.17.4&#8243; _module_preset=\u00bbdefault\u00bb custom_css_main_element=\u00bbwidth:5%;||max-width:5%;||top:-40px;\u00bb global_colors_info=\u00bb{}\u00bb][\/et_pb_column][\/et_pb_row][et_pb_row column_structure=\u00bb1_5,3_5,1_5&#8243; _builder_version=\u00bb4.17.4&#8243; _module_preset=\u00bbdefault\u00bb width=\u00bb100%\u00bb custom_margin=\u00bb100px||||false|false\u00bb global_colors_info=\u00bb{}\u00bb][et_pb_column type=\u00bb1_5&#8243; _builder_version=\u00bb4.17.4&#8243; _module_preset=\u00bbdefault\u00bb global_colors_info=\u00bb{}\u00bb][\/et_pb_column][et_pb_column type=\u00bb3_5&#8243; _builder_version=\u00bb4.17.4&#8243; _module_preset=\u00bbdefault\u00bb global_colors_info=\u00bb{}\u00bb][et_pb_text _builder_version=\u00bb4.17.4&#8243; _module_preset=\u00bbdefault\u00bb text_font_size=\u00bb20px\u00bb global_colors_info=\u00bb{}\u00bb]<\/p>\n<p style=\"text-align: right;\">Ver\u00e1s casos de \u00e9xito reales<br \/>protagonizados por<br \/>organizaciones con tus <br \/>mismas inquietudes.<\/p>\n<p>[\/et_pb_text][\/et_pb_column][et_pb_column type=\u00bb1_5&#8243; _builder_version=\u00bb4.17.4&#8243; _module_preset=\u00bbdefault\u00bb custom_css_main_element=\u00bbwidth:5%;||max-width:5%;||top:-40px;\u00bb global_colors_info=\u00bb{}\u00bb][et_pb_text module_class=\u00bbgradient-number\u00bb _builder_version=\u00bb4.17.4&#8243; _module_preset=\u00bbdefault\u00bb global_colors_info=\u00bb{}\u00bb]<\/p>\n<h2>2<\/h2>\n<p>[\/et_pb_text][\/et_pb_column][\/et_pb_row][et_pb_row column_structure=\u00bb1_5,3_5,1_5&#8243; _builder_version=\u00bb4.17.4&#8243; _module_preset=\u00bbdefault\u00bb width=\u00bb100%\u00bb custom_margin=\u00bb50px||||false|false\u00bb global_colors_info=\u00bb{}\u00bb][et_pb_column type=\u00bb1_5&#8243; _builder_version=\u00bb4.17.4&#8243; _module_preset=\u00bbdefault\u00bb custom_padding=\u00bb0px|0px|0px|0px|false|false\u00bb custom_css_main_element=\u00bbwidth:5%;||max-width:5%;||top:-40px;\u00bb global_colors_info=\u00bb{}\u00bb][et_pb_text module_class=\u00bbgradient-number\u00bb _builder_version=\u00bb4.17.4&#8243; _module_preset=\u00bbdefault\u00bb global_colors_info=\u00bb{}\u00bb]<\/p>\n<h2>3<\/h2>\n<p>[\/et_pb_text][\/et_pb_column][et_pb_column type=\u00bb3_5&#8243; _builder_version=\u00bb4.17.4&#8243; _module_preset=\u00bbdefault\u00bb global_colors_info=\u00bb{}\u00bb][et_pb_text _builder_version=\u00bb4.17.4&#8243; _module_preset=\u00bbdefault\u00bb text_font_size=\u00bb20px\u00bb global_colors_info=\u00bb{}\u00bb]<\/p>\n<p>Podr\u00e1s escuchar a l\u00edderes <br \/>tecnol\u00f3gicos de grandes <br \/>empresas nacionales e <br \/>internacionales.<\/p>\n<p>[\/et_pb_text][\/et_pb_column][et_pb_column type=\u00bb1_5&#8243; _builder_version=\u00bb4.17.4&#8243; _module_preset=\u00bbdefault\u00bb custom_css_main_element=\u00bbwidth:5%;||max-width:5%;||top:-40px;\u00bb global_colors_info=\u00bb{}\u00bb][\/et_pb_column][\/et_pb_row][et_pb_row column_structure=\u00bb1_5,3_5,1_5&#8243; _builder_version=\u00bb4.17.4&#8243; _module_preset=\u00bbdefault\u00bb width=\u00bb100%\u00bb custom_margin=\u00bb100px||||false|false\u00bb global_colors_info=\u00bb{}\u00bb][et_pb_column type=\u00bb1_5&#8243; _builder_version=\u00bb4.17.4&#8243; _module_preset=\u00bbdefault\u00bb global_colors_info=\u00bb{}\u00bb][\/et_pb_column][et_pb_column type=\u00bb3_5&#8243; _builder_version=\u00bb4.17.4&#8243; _module_preset=\u00bbdefault\u00bb global_colors_info=\u00bb{}\u00bb][et_pb_text _builder_version=\u00bb4.17.4&#8243; _module_preset=\u00bbdefault\u00bb text_font_size=\u00bb20px\u00bb global_colors_info=\u00bb{}\u00bb]<\/p>\n<p style=\"text-align: right;\">Dispondr\u00e1s de oportunidades<br \/>exclusivas para hacer <br \/>networking con empresas que <br \/>hablan tu mismo idioma.<\/p>\n<p>[\/et_pb_text][\/et_pb_column][et_pb_column type=\u00bb1_5&#8243; _builder_version=\u00bb4.17.4&#8243; _module_preset=\u00bbdefault\u00bb custom_css_main_element=\u00bbwidth:5%;||max-width:5%;||top:-40px;\u00bb global_colors_info=\u00bb{}\u00bb][et_pb_text module_class=\u00bbgradient-number\u00bb _builder_version=\u00bb4.17.4&#8243; _module_preset=\u00bbdefault\u00bb global_colors_info=\u00bb{}\u00bb]<\/p>\n<h2>4<\/h2>\n<p>[\/et_pb_text][\/et_pb_column][\/et_pb_row][et_pb_row column_structure=\u00bb1_5,3_5,1_5&#8243; _builder_version=\u00bb4.17.4&#8243; _module_preset=\u00bbdefault\u00bb width=\u00bb100%\u00bb custom_margin=\u00bb50px||||false|false\u00bb global_colors_info=\u00bb{}\u00bb][et_pb_column type=\u00bb1_5&#8243; _builder_version=\u00bb4.17.4&#8243; _module_preset=\u00bbdefault\u00bb custom_padding=\u00bb0px|0px|0px|0px|false|false\u00bb custom_css_main_element=\u00bbwidth:5%;||max-width:5%;||top:-40px;\u00bb global_colors_info=\u00bb{}\u00bb][et_pb_text module_class=\u00bbgradient-number\u00bb _builder_version=\u00bb4.17.4&#8243; _module_preset=\u00bbdefault\u00bb global_colors_info=\u00bb{}\u00bb]<\/p>\n<h2>5<\/h2>\n<p>[\/et_pb_text][\/et_pb_column][et_pb_column type=\u00bb3_5&#8243; _builder_version=\u00bb4.17.4&#8243; _module_preset=\u00bbdefault\u00bb global_colors_info=\u00bb{}\u00bb][et_pb_text _builder_version=\u00bb4.17.4&#8243; _module_preset=\u00bbdefault\u00bb text_font_size=\u00bb20px\u00bb global_colors_info=\u00bb{}\u00bb]<\/p>\n<p>Tendr\u00e1s a tu alcance una<br \/>novedosa plataforma<br \/>interactiva para agendar <br \/>reuniones con empresas <br \/>de tu sector.<\/p>\n<p>[\/et_pb_text][\/et_pb_column][et_pb_column type=\u00bb1_5&#8243; _builder_version=\u00bb4.17.4&#8243; _module_preset=\u00bbdefault\u00bb custom_css_main_element=\u00bbwidth:5%;||max-width:5%;||top:-40px;\u00bb global_colors_info=\u00bb{}\u00bb][\/et_pb_column][\/et_pb_row][et_pb_row column_structure=\u00bb1_5,3_5,1_5&#8243; _builder_version=\u00bb4.17.4&#8243; _module_preset=\u00bbdefault\u00bb width=\u00bb100%\u00bb custom_margin=\u00bb100px||||false|false\u00bb global_colors_info=\u00bb{}\u00bb][et_pb_column type=\u00bb1_5&#8243; _builder_version=\u00bb4.17.4&#8243; _module_preset=\u00bbdefault\u00bb global_colors_info=\u00bb{}\u00bb][\/et_pb_column][et_pb_column type=\u00bb3_5&#8243; _builder_version=\u00bb4.17.4&#8243; _module_preset=\u00bbdefault\u00bb global_colors_info=\u00bb{}\u00bb][et_pb_text _builder_version=\u00bb4.17.4&#8243; _module_preset=\u00bbdefault\u00bb text_font_size=\u00bb20px\u00bb global_colors_info=\u00bb{}\u00bb]<\/p>\n<p style=\"text-align: right;\">Fortalecer\u00e1s tu red de<br \/>contactos con profesionales<br \/>expertos y altamente <br \/>cualificados.<\/p>\n<p>[\/et_pb_text][\/et_pb_column][et_pb_column type=\u00bb1_5&#8243; _builder_version=\u00bb4.17.4&#8243; _module_preset=\u00bbdefault\u00bb custom_css_main_element=\u00bbwidth:5%;||max-width:5%;||top:-40px;\u00bb global_colors_info=\u00bb{}\u00bb][et_pb_text module_class=\u00bbgradient-number\u00bb _builder_version=\u00bb4.17.4&#8243; _module_preset=\u00bbdefault\u00bb global_colors_info=\u00bb{}\u00bb]<\/p>\n<h2>6<\/h2>\n<p>[\/et_pb_text][\/et_pb_column][\/et_pb_row][et_pb_row column_structure=\u00bb1_5,3_5,1_5&#8243; _builder_version=\u00bb4.17.4&#8243; _module_preset=\u00bbdefault\u00bb width=\u00bb100%\u00bb custom_margin=\u00bb50px||||false|false\u00bb global_colors_info=\u00bb{}\u00bb][et_pb_column type=\u00bb1_5&#8243; _builder_version=\u00bb4.17.4&#8243; _module_preset=\u00bbdefault\u00bb custom_padding=\u00bb0px|0px|0px|0px|false|false\u00bb custom_css_main_element=\u00bbwidth:5%;||max-width:5%;||top:-40px;\u00bb global_colors_info=\u00bb{}\u00bb][et_pb_text module_class=\u00bbgradient-number\u00bb _builder_version=\u00bb4.17.4&#8243; _module_preset=\u00bbdefault\u00bb global_colors_info=\u00bb{}\u00bb]<\/p>\n<h2>7<\/h2>\n<p>[\/et_pb_text][\/et_pb_column][et_pb_column type=\u00bb3_5&#8243; _builder_version=\u00bb4.17.4&#8243; _module_preset=\u00bbdefault\u00bb global_colors_info=\u00bb{}\u00bb][et_pb_text _builder_version=\u00bb4.17.4&#8243; _module_preset=\u00bbdefault\u00bb text_font_size=\u00bb20px\u00bb global_colors_info=\u00bb{}\u00bb]<\/p>\n<p>Ser\u00e1 un evento fresco, original<br \/>y divertido. La cercan\u00eda es<br \/>un factor que diferencia a C-Meet<br \/>de cualquier otro evento<br \/>tecnol\u00f3gico.<\/p>\n<p>[\/et_pb_text][\/et_pb_column][et_pb_column type=\u00bb1_5&#8243; _builder_version=\u00bb4.17.4&#8243; _module_preset=\u00bbdefault\u00bb custom_css_main_element=\u00bbwidth:5%;||max-width:5%;||top:-40px;\u00bb global_colors_info=\u00bb{}\u00bb][\/et_pb_column][\/et_pb_row][\/et_pb_section][et_pb_section fb_built=\u00bb1&#8243; disabled_on=\u00bbon|off|off\u00bb admin_label=\u00bbHorario DT\u00bb _builder_version=\u00bb4.17.6&#8243; _module_preset=\u00bbdefault\u00bb background_image=\u00bbhttps:\/\/c-meet.es\/2022\/wp-content\/uploads\/2022\/07\/fondo-sobrecmeet-3.png\u00bb background_size=\u00bbcustom\u00bb background_image_width=\u00bb1440px\u00bb background_position=\u00bbtop_center\u00bb background_enable_video_mp4=\u00bboff\u00bb width=\u00bb1440px\u00bb width_tablet=\u00bb1440px\u00bb width_phone=\u00bbauto\u00bb width_last_edited=\u00bbon|phone\u00bb max_width=\u00bb1440px\u00bb max_width_tablet=\u00bb1440px\u00bb max_width_phone=\u00bb\u00bb max_width_last_edited=\u00bbon|phone\u00bb min_height=\u00bb1055.4px\u00bb custom_margin=\u00bb-3px|auto||auto|false|false\u00bb custom_padding=\u00bb|10%||10%|false|false\u00bb global_colors_info=\u00bb{}\u00bb][et_pb_row _builder_version=\u00bb4.17.4&#8243; _module_preset=\u00bbdefault\u00bb width=\u00bb100%\u00bb custom_margin=\u00bb-21px|auto||auto|false|false\u00bb global_colors_info=\u00bb{}\u00bb][et_pb_column type=\u00bb4_4&#8243; _builder_version=\u00bb4.17.4&#8243; _module_preset=\u00bbdefault\u00bb global_colors_info=\u00bb{}\u00bb][et_pb_text module_class=\u00bbwhite-title\u00bb _builder_version=\u00bb4.17.6&#8243; _module_preset=\u00bbdefault\u00bb text_orientation=\u00bbcenter\u00bb global_colors_info=\u00bb{}\u00bb]<\/p>\n<p style=\"font-size: 36px; color: white; font-weight: bold;\">Cu\u00e1ndo, d\u00f3nde, a qu\u00e9 hora&#8230;<\/p>\n<p>[\/et_pb_text][et_pb_text _builder_version=\u00bb4.17.6&#8243; _module_preset=\u00bbdefault\u00bb text_text_color=\u00bb#FFFFFF\u00bb text_font_size=\u00bb16px\u00bb text_line_height=\u00bb2.5em\u00bb global_colors_info=\u00bb{}\u00bb]<\/p>\n<p style=\"text-align: center;\"><strong><\/strong><\/p>\n<p style=\"text-align: center; font-size: 24px;\">28 Y 29 DE SEPTIEMBRE<br \/>EN ESCENARIO SANTANDER<\/p>\n<p style=\"text-align: center;\"><strong><\/strong><\/p>\n<p style=\"text-align: center; font-size: 24px;\"><strong>Acreditaciones y accesos<\/strong><br \/>Mi\u00e9rcoles 28 de septiembre 9:30 \u2013 10:30<\/p>\n<p style=\"text-align: center; font-size: 24px;\"><strong>Inauguraci\u00f3n oficial C-Meet<\/strong><br \/>Mi\u00e9rcoles 28 de septiembre 10:30 \u2013 11:15<\/p>\n<p style=\"text-align: center; font-size: 24px;\"><strong>Ponencias, demostraciones, Meet\u2019s in y mesas redondas<\/strong><br \/>Mi\u00e9rcoles 28 de septiembre 11:15 \u2013 18:30 <span style=\"color: #00dbc6;\">\/<\/span> Jueves 29 septiembre 10:00 \u2013 18:30<\/p>\n<p style=\"text-align: center; font-size: 24px;\"><strong>Lunch<\/strong><br \/>Mi\u00e9rcoles, 28 de septiembre 14:30 \u2013 15:30 <span style=\"color: #00dbc6;\">\/<\/span> Jueves, 29 septiembre 14:15 \u2013 16:00<\/p>\n<p style=\"text-align: center; font-size: 24px;\"><strong>Afterwork<\/strong><br \/>Mi\u00e9rcoles, 28 de septiembre 18:30 <span style=\"color: #00dbc6;\">\/<\/span> Jueves, 29 septiembre 18:30<\/p>\n<p>[\/et_pb_text][\/et_pb_column][\/et_pb_row][\/et_pb_section][et_pb_section fb_built=\u00bb1&#8243; disabled_on=\u00bbon|off|off\u00bb admin_label=\u00bbTematicas DT\u00bb _builder_version=\u00bb4.17.6&#8243; _module_preset=\u00bbdefault\u00bb background_image=\u00bbhttps:\/\/c-meet.es\/2022\/wp-content\/uploads\/2022\/07\/fondo-sobrecmeet-4.png\u00bb background_size=\u00bbcustom\u00bb background_image_width=\u00bb1440px\u00bb background_position=\u00bbtop_center\u00bb background_enable_video_mp4=\u00bboff\u00bb width=\u00bb1440px\u00bb width_tablet=\u00bb1440px\u00bb width_phone=\u00bbauto\u00bb width_last_edited=\u00bbon|phone\u00bb max_width=\u00bb1440px\u00bb max_width_tablet=\u00bb1440px\u00bb max_width_phone=\u00bb\u00bb max_width_last_edited=\u00bbon|phone\u00bb min_height=\u00bb1813.7px\u00bb custom_margin=\u00bb-3px|auto||auto|false|false\u00bb custom_padding=\u00bb|5%||4.6%|false|false\u00bb global_colors_info=\u00bb{}\u00bb][et_pb_row _builder_version=\u00bb4.17.4&#8243; _module_preset=\u00bbdefault\u00bb width=\u00bb100%\u00bb custom_margin=\u00bb-21px|auto||auto|false|false\u00bb global_colors_info=\u00bb{}\u00bb][et_pb_column type=\u00bb4_4&#8243; _builder_version=\u00bb4.17.4&#8243; _module_preset=\u00bbdefault\u00bb global_colors_info=\u00bb{}\u00bb][et_pb_text module_class=\u00bbwhite-title\u00bb _builder_version=\u00bb4.17.6&#8243; _module_preset=\u00bbdefault\u00bb text_orientation=\u00bbcenter\u00bb global_colors_info=\u00bb{}\u00bb]<\/p>\n<p style=\"font-size: 36px; color: white; font-weight: bold; text-align: right;\">Tem\u00e1ticas y contenidos<\/p>\n<p>[\/et_pb_text][\/et_pb_column][\/et_pb_row][et_pb_row _builder_version=\u00bb4.17.6&#8243; _module_preset=\u00bbdefault\u00bb width=\u00bb100%\u00bb global_colors_info=\u00bb{}\u00bb][et_pb_column type=\u00bb4_4&#8243; _builder_version=\u00bb4.17.6&#8243; _module_preset=\u00bbdefault\u00bb global_colors_info=\u00bb{}\u00bb][et_pb_image src=\u00bbhttps:\/\/c-meet.es\/2022\/wp-content\/uploads\/2022\/07\/Tematicas-y-Contenido.png\u00bb title_text=\u00bbTematicas y Contenido\u00bb _builder_version=\u00bb4.17.6&#8243; _module_preset=\u00bbdefault\u00bb global_colors_info=\u00bb{}\u00bb][\/et_pb_image][\/et_pb_column][\/et_pb_row][\/et_pb_section][et_pb_section fb_built=\u00bb1&#8243; disabled_on=\u00bbon|off|off\u00bb admin_label=\u00bbCMEET en Numeros DT\u00bb _builder_version=\u00bb4.17.6&#8243; _module_preset=\u00bbdefault\u00bb background_image=\u00bbhttps:\/\/c-meet.es\/2022\/wp-content\/uploads\/2022\/07\/fondo-sobrecmeet-5.png\u00bb background_size=\u00bbcustom\u00bb background_image_width=\u00bb1440px\u00bb background_position=\u00bbtop_center\u00bb background_enable_video_mp4=\u00bboff\u00bb width=\u00bb1440px\u00bb width_tablet=\u00bb1440px\u00bb width_phone=\u00bbauto\u00bb width_last_edited=\u00bbon|phone\u00bb max_width=\u00bb1440px\u00bb max_width_tablet=\u00bb1440px\u00bb max_width_phone=\u00bb\u00bb max_width_last_edited=\u00bbon|phone\u00bb height=\u00bb2850px\u00bb custom_margin=\u00bb-3px|auto||auto|false|false\u00bb custom_padding=\u00bb|5%||4.6%|false|false\u00bb global_colors_info=\u00bb{}\u00bb][et_pb_row _builder_version=\u00bb4.17.4&#8243; _module_preset=\u00bbdefault\u00bb width=\u00bb100%\u00bb custom_margin=\u00bb21px|auto||auto|false|false\u00bb custom_padding=\u00bb2522px|||||\u00bb global_colors_info=\u00bb{}\u00bb][et_pb_column type=\u00bb4_4&#8243; _builder_version=\u00bb4.17.4&#8243; _module_preset=\u00bbdefault\u00bb global_colors_info=\u00bb{}\u00bb][et_pb_text module_class=\u00bbgradient-text\u00bb _builder_version=\u00bb4.17.6&#8243; _module_preset=\u00bbdefault\u00bb text_orientation=\u00bbright\u00bb global_colors_info=\u00bb{}\u00bb]<\/p>\n<p><strong><span style=\"color: #00dbc6; font-size: 36px;\">Colaboradores<\/span><\/strong><\/p>\n<p><strong style=\"font-size: 18px;\">\u00bfTe gustar\u00eda ser parte del evento sobre innovaci\u00f3n y digitalizaci\u00f3n en el que estar\u00e1n<\/strong><br \/><strong style=\"font-size: 18px;\">presentes buena parte de las empresas m\u00e1s competitivas en la era digital?<\/strong><\/p>\n<p><strong style=\"font-size: 18px;\">\u00bfNecesitas ampliar tu red de contactos corporativos para hacer crecer tu negocio?<\/strong><\/p>\n<p><strong style=\"font-size: 18px;\">\u00bfQuieres llegar a nuevos p\u00fablicos y no sabes c\u00f3mo contactar con ellos?<\/strong><\/p>\n<p>[\/et_pb_text][\/et_pb_column][\/et_pb_row][\/et_pb_section][et_pb_section fb_built=\u00bb1&#8243; disabled_on=\u00bbon|off|off\u00bb admin_label=\u00bbFAQS DT\u00bb _builder_version=\u00bb4.17.6&#8243; _module_preset=\u00bbdefault\u00bb background_image=\u00bbhttps:\/\/c-meet.es\/2022\/wp-content\/uploads\/2022\/07\/Composicion-1-1.png\u00bb background_size=\u00bbinitial\u00bb background_position=\u00bbtop_right\u00bb background_enable_video_mp4=\u00bboff\u00bb width=\u00bb1440px\u00bb width_tablet=\u00bb1440px\u00bb width_phone=\u00bbauto\u00bb width_last_edited=\u00bbon|phone\u00bb max_width=\u00bb1440px\u00bb max_width_tablet=\u00bb1440px\u00bb max_width_phone=\u00bb\u00bb max_width_last_edited=\u00bbon|phone\u00bb custom_margin=\u00bb|auto||auto|false|false\u00bb custom_padding=\u00bb|10%||10%|false|false\u00bb global_colors_info=\u00bb{}\u00bb][et_pb_row _builder_version=\u00bb4.17.4&#8243; _module_preset=\u00bbdefault\u00bb width=\u00bb100%\u00bb custom_margin=\u00bb21px|auto||auto|false|false\u00bb custom_padding=\u00bb30px|||||\u00bb global_colors_info=\u00bb{}\u00bb][et_pb_column type=\u00bb4_4&#8243; _builder_version=\u00bb4.17.4&#8243; _module_preset=\u00bbdefault\u00bb global_colors_info=\u00bb{}\u00bb][et_pb_text module_class=\u00bbgradient-text\u00bb _builder_version=\u00bb4.17.6&#8243; _module_preset=\u00bbdefault\u00bb custom_margin=\u00bb28px||||false|false\u00bb custom_padding=\u00bb|76px||||\u00bb global_colors_info=\u00bb{}\u00bb]<\/p>\n<h2>Si es as\u00ed, aprovecha esta oportunidad y \u00fanete a la comunidad C-Meet<\/h2>\n<p><strong style=\"font-size: 16px;\">Explora las oportunidades de colaborar en un evento disruptivo en Cantabria, <\/strong><\/p>\n<p><strong style=\"font-size: 16px;\">que <\/strong><strong style=\"font-size: 16px;\">impulsar\u00e1 tu marketing relacional y te permitir\u00e1 conocer a <\/strong><strong style=\"font-size: 16px;\">profesionales <\/strong><\/p>\n<p><strong style=\"font-size: 16px;\">con los que <\/strong><strong style=\"font-size: 16px;\">explorar nuevas oportunidades de negocio.<\/strong>[\/et_pb_text][et_pb_button button_url=\u00bb\/contacto\/\u00bb button_text=\u00bbm\u00e1s informaci\u00f3n\u00bb _builder_version=\u00bb4.17.4&#8243; _module_preset=\u00bbdefault\u00bb custom_button=\u00bbon\u00bb button_text_size=\u00bb14px\u00bb button_text_color=\u00bb#000000&#8243; button_bg_color=\u00bb#FFFFFF\u00bb button_border_color=\u00bb#000000&#8243; button_use_icon=\u00bboff\u00bb global_colors_info=\u00bb{}\u00bb][\/et_pb_button][et_pb_text module_id=\u00bbfaqs\u00bb _builder_version=\u00bb4.18.0&#8243; _module_preset=\u00bbdefault\u00bb custom_margin=\u00bb500px||||false|false\u00bb global_colors_info=\u00bb{}\u00bb]<\/p>\n<h2><strong>Preguntas y respuestas<\/strong><\/h2>\n<p><strong><\/strong><\/p>\n<p><strong>\u00bfC\u00f3mo s\u00e9 que me he registrado correctamente?<\/strong><\/p>\n<p>Una vez finalizado el proceso de registro te has registrado visualizar\u00e1s en la pantalla un mensaje de confirmaci\u00f3n. A continuaci\u00f3n, recibir\u00e1s un email de confirmaci\u00f3n.<\/p>\n<p>Si no recibes este mail, comprueba la carpeta de SPAM ya que en ocasiones puede dirigirse all\u00ed el correo. Te recomendamos que a\u00f1adas nuestra direcci\u00f3n de correo como contacto para recibir correctamente futuras comunicaciones o emails importantes.<\/p>\n<p>&nbsp;<\/p>\n<p><strong>La p\u00e1gina de registro no funciona<\/strong><\/p>\n<p>Algunas redes de trabajo podr\u00edan bloquear el acceso a la plataforma. Trata de acceder a la p\u00e1gina de registro de visitantes del C-Meet utilizando un navegador diferente, una pesta\u00f1a de inc\u00f3gnito o desde tu dispositivo m\u00f3vil conectado a tu proveedor de datos m\u00f3viles. Si el problema persiste, puedes notificarnos el error a info@c-meet.es o intentarlo pasados unos minutos.<\/p>\n<p>&nbsp;<\/p>\n<p><strong>\u00bfQui\u00e9n puede asistir al C-Meet?<\/strong><\/p>\n<p>La asistencia a C-Meet es libre y est\u00e1 abierta a cualquier organizaci\u00f3n interesada en los procesos innovadores o de transformaci\u00f3n digital. Para poder asistir, \u00fanicamente es necesario rellenar el siguiente <a href=\"\/registro\/\" class=\"popmake-83\">formulario de inscripci\u00f3n<\/a><\/p>\n<p>&nbsp;<\/p>\n<p><strong>\u00bfPuede ir m\u00e1s de una persona por organizaci\u00f3n?<\/strong><\/p>\n<p>S\u00ed, pueden acudir tantas personas como se considere oportuno.<br \/>Para inscribirse, \u00fanicamente es necesario rellenar el formulario de registro del men\u00fa principal.<\/p>\n<p>&nbsp;<\/p>\n<p><strong>\u00bfEst\u00e1 disponible el listado de expositores?<\/strong><\/p>\n<p>El listado de los expositores participantes en C-Meet estar\u00e1 disponible en la web a partir del 7 de julio de 2022.<\/p>\n<p>&nbsp;<\/p>\n<p><strong>\u00bfQu\u00e9 servicios ofrece el recinto durante la celebraci\u00f3n del C-Meet?<\/strong><\/p>\n<p>Todos los visitantes, expositores y speakers de C-Meet dispondr\u00e1n de food trucks y servicio de cafeter\u00eda.<\/p>\n<p>&nbsp;<\/p>\n<p><strong>\u00bfTengo que ir los dos d\u00edas?<\/strong><\/p>\n<p>No, el evento cuenta con un programa detallado, en el que podr\u00e1s ver los horarios de cada ponente, el formato de su intervenci\u00f3n y la tem\u00e1tica que abordar\u00e1n.<\/p>\n<p>Con esta informaci\u00f3n, los asistentes podr\u00e1n configurar su propia agenda y optimizar su tiempo en el recinto.<\/p>\n<p>&nbsp;<\/p>\n<p><strong><em>Las actuaciones est\u00e1n cofinanciadas con fondos FEDER de la Uni\u00f3n Europea, en el marco del Programa Operativo Plurirregional de Espa\u00f1a FEDER 2014-2020 (POPE) bajo el lema \u201cUna manera de hacer Europa\u201d.<\/em><\/strong><\/p>\n<p>[\/et_pb_text][\/et_pb_column][\/et_pb_row][\/et_pb_section]<\/p>\n","protected":false},"excerpt":{"rendered":"<p>Sobre C-MeetC-Meet es el encuentro empresarial para la digitalizaci\u00f3n y la innovaci\u00f3n. Un espacio en el que conocer soluciones tecnol\u00f3gicas reales, experiencias inspiradoras y casos de \u00e9xito dirigidos a incrementar la competitividad del tejido empresarial. CEOE-CEPYME Cantabria, en colaboraci\u00f3n la oficina Acelera Pyme y el programa Cantabria Empresarial, son los impulsores de este evento con [&hellip;]<\/p>\n","protected":false},"author":3,"featured_media":0,"parent":0,"menu_order":0,"comment_status":"closed","ping_status":"closed","template":"","meta":{"_et_pb_use_builder":"on","_et_pb_old_content":"","_et_gb_content_width":"","cybocfi_hide_featured_image":"","footnotes":""},"class_list":["post-249011","page","type-page","status-publish","hentry"],"acf":[],"yoast_head":"<!-- This site is optimized with the Yoast SEO plugin v27.5 - https:\/\/yoast.com\/product\/yoast-seo-wordpress\/ -->\n<title>Sobre C-Meet - C-MEET<\/title>\n<meta name=\"robots\" content=\"index, follow, max-snippet:-1, max-image-preview:large, max-video-preview:-1\" \/>\n<link rel=\"canonical\" href=\"https:\/\/c-meet.es\/2022\/sobre-c-meet\/\" \/>\n<meta property=\"og:locale\" content=\"es_ES\" \/>\n<meta property=\"og:type\" content=\"article\" \/>\n<meta property=\"og:title\" content=\"Sobre C-Meet - C-MEET\" \/>\n<meta property=\"og:description\" content=\"Sobre C-MeetC-Meet es el encuentro empresarial para la digitalizaci\u00f3n y la innovaci\u00f3n. Un espacio en el que conocer soluciones tecnol\u00f3gicas reales, experiencias inspiradoras y casos de \u00e9xito dirigidos a incrementar la competitividad del tejido empresarial. CEOE-CEPYME Cantabria, en colaboraci\u00f3n la oficina Acelera Pyme y el programa Cantabria Empresarial, son los impulsores de este evento con [&hellip;]\" \/>\n<meta property=\"og:url\" content=\"https:\/\/c-meet.es\/2022\/sobre-c-meet\/\" \/>\n<meta property=\"og:site_name\" content=\"C-MEET\" \/>\n<meta property=\"article:modified_time\" content=\"2022-09-27T10:04:34+00:00\" \/>\n<meta name=\"twitter:card\" content=\"summary_large_image\" \/>\n<meta name=\"twitter:label1\" content=\"Tiempo de lectura\" \/>\n\t<meta name=\"twitter:data1\" content=\"7 minutos\" \/>\n<script type=\"application\/ld+json\" class=\"yoast-schema-graph\">{\"@context\":\"https:\\\/\\\/schema.org\",\"@graph\":[{\"@type\":\"WebPage\",\"@id\":\"https:\\\/\\\/c-meet.es\\\/2022\\\/sobre-c-meet\\\/\",\"url\":\"https:\\\/\\\/c-meet.es\\\/2022\\\/sobre-c-meet\\\/\",\"name\":\"Sobre C-Meet - C-MEET\",\"isPartOf\":{\"@id\":\"https:\\\/\\\/c-meet.es\\\/2022\\\/#website\"},\"datePublished\":\"2022-07-21T15:17:57+00:00\",\"dateModified\":\"2022-09-27T10:04:34+00:00\",\"breadcrumb\":{\"@id\":\"https:\\\/\\\/c-meet.es\\\/2022\\\/sobre-c-meet\\\/#breadcrumb\"},\"inLanguage\":\"es\",\"potentialAction\":[{\"@type\":\"ReadAction\",\"target\":[\"https:\\\/\\\/c-meet.es\\\/2022\\\/sobre-c-meet\\\/\"]}]},{\"@type\":\"BreadcrumbList\",\"@id\":\"https:\\\/\\\/c-meet.es\\\/2022\\\/sobre-c-meet\\\/#breadcrumb\",\"itemListElement\":[{\"@type\":\"ListItem\",\"position\":1,\"name\":\"Portada\",\"item\":\"https:\\\/\\\/c-meet.es\\\/2022\\\/\"},{\"@type\":\"ListItem\",\"position\":2,\"name\":\"Sobre C-Meet\"}]},{\"@type\":\"WebSite\",\"@id\":\"https:\\\/\\\/c-meet.es\\\/2022\\\/#website\",\"url\":\"https:\\\/\\\/c-meet.es\\\/2022\\\/\",\"name\":\"C-MEET\",\"description\":\"Encuentro empresarial para la innovaci\u00f3n y digitalizaci\u00f3n\",\"potentialAction\":[{\"@type\":\"SearchAction\",\"target\":{\"@type\":\"EntryPoint\",\"urlTemplate\":\"https:\\\/\\\/c-meet.es\\\/2022\\\/?s={search_term_string}\"},\"query-input\":{\"@type\":\"PropertyValueSpecification\",\"valueRequired\":true,\"valueName\":\"search_term_string\"}}],\"inLanguage\":\"es\"}]}<\/script>\n<!-- \/ Yoast SEO plugin. -->","yoast_head_json":{"title":"Sobre C-Meet - C-MEET","robots":{"index":"index","follow":"follow","max-snippet":"max-snippet:-1","max-image-preview":"max-image-preview:large","max-video-preview":"max-video-preview:-1"},"canonical":"https:\/\/c-meet.es\/2022\/sobre-c-meet\/","og_locale":"es_ES","og_type":"article","og_title":"Sobre C-Meet - C-MEET","og_description":"Sobre C-MeetC-Meet es el encuentro empresarial para la digitalizaci\u00f3n y la innovaci\u00f3n. Un espacio en el que conocer soluciones tecnol\u00f3gicas reales, experiencias inspiradoras y casos de \u00e9xito dirigidos a incrementar la competitividad del tejido empresarial. CEOE-CEPYME Cantabria, en colaboraci\u00f3n la oficina Acelera Pyme y el programa Cantabria Empresarial, son los impulsores de este evento con [&hellip;]","og_url":"https:\/\/c-meet.es\/2022\/sobre-c-meet\/","og_site_name":"C-MEET","article_modified_time":"2022-09-27T10:04:34+00:00","twitter_card":"summary_large_image","twitter_misc":{"Tiempo de lectura":"7 minutos"},"schema":{"@context":"https:\/\/schema.org","@graph":[{"@type":"WebPage","@id":"https:\/\/c-meet.es\/2022\/sobre-c-meet\/","url":"https:\/\/c-meet.es\/2022\/sobre-c-meet\/","name":"Sobre C-Meet - C-MEET","isPartOf":{"@id":"https:\/\/c-meet.es\/2022\/#website"},"datePublished":"2022-07-21T15:17:57+00:00","dateModified":"2022-09-27T10:04:34+00:00","breadcrumb":{"@id":"https:\/\/c-meet.es\/2022\/sobre-c-meet\/#breadcrumb"},"inLanguage":"es","potentialAction":[{"@type":"ReadAction","target":["https:\/\/c-meet.es\/2022\/sobre-c-meet\/"]}]},{"@type":"BreadcrumbList","@id":"https:\/\/c-meet.es\/2022\/sobre-c-meet\/#breadcrumb","itemListElement":[{"@type":"ListItem","position":1,"name":"Portada","item":"https:\/\/c-meet.es\/2022\/"},{"@type":"ListItem","position":2,"name":"Sobre C-Meet"}]},{"@type":"WebSite","@id":"https:\/\/c-meet.es\/2022\/#website","url":"https:\/\/c-meet.es\/2022\/","name":"C-MEET","description":"Encuentro empresarial para la innovaci\u00f3n y digitalizaci\u00f3n","potentialAction":[{"@type":"SearchAction","target":{"@type":"EntryPoint","urlTemplate":"https:\/\/c-meet.es\/2022\/?s={search_term_string}"},"query-input":{"@type":"PropertyValueSpecification","valueRequired":true,"valueName":"search_term_string"}}],"inLanguage":"es"}]}},"_links":{"self":[{"href":"https:\/\/c-meet.es\/2022\/wp-json\/wp\/v2\/pages\/249011","targetHints":{"allow":["GET"]}}],"collection":[{"href":"https:\/\/c-meet.es\/2022\/wp-json\/wp\/v2\/pages"}],"about":[{"href":"https:\/\/c-meet.es\/2022\/wp-json\/wp\/v2\/types\/page"}],"author":[{"embeddable":true,"href":"https:\/\/c-meet.es\/2022\/wp-json\/wp\/v2\/users\/3"}],"replies":[{"embeddable":true,"href":"https:\/\/c-meet.es\/2022\/wp-json\/wp\/v2\/comments?post=249011"}],"version-history":[{"count":87,"href":"https:\/\/c-meet.es\/2022\/wp-json\/wp\/v2\/pages\/249011\/revisions"}],"predecessor-version":[{"id":250001,"href":"https:\/\/c-meet.es\/2022\/wp-json\/wp\/v2\/pages\/249011\/revisions\/250001"}],"wp:attachment":[{"href":"https:\/\/c-meet.es\/2022\/wp-json\/wp\/v2\/media?parent=249011"}],"curies":[{"name":"wp","href":"https:\/\/api.w.org\/{rel}","templated":true}]}}